{"id":35856,"date":"2025-07-28T05:23:32","date_gmt":"2025-07-28T05:23:32","guid":{"rendered":"https:\/\/demostore.ai\/?post_type=product&#038;p=35856"},"modified":"2026-04-28T16:29:10","modified_gmt":"2026-04-28T08:29:10","slug":"iphone-16-pro","status":"publish","type":"product","link":"https:\/\/demostore.ai\/cs\/produkt\/iphone-16-pro\/","title":{"rendered":"iPhone 16 Pro"},"content":{"rendered":"<section data-wtai-block-id=\"wtai_product_description_features\" class=\"wtai-section wtai-features-section\">\n<h2>Hlavn\u00ed p\u0159ednosti produktu<\/h2>\n<ul>\n<li>Displej Super Retina XDR OLED o \u00fahlop\u0159\u00ed\u010dce 6,3&quot; s rozli\u0161en\u00edm 2622 \u00d7 1206 px, jasem a\u017e 2000 nit\u016f, technologi\u00ed ProMotion 120 Hz a funkc\u00ed Always-On.<\/li>\n<li>\u010cip A18 Pro nov\u00e9 generace s 6j\u00e1drov\u00fdm CPU, 6j\u00e1drov\u00fdm GPU a 16j\u00e1drov\u00fdm Neural Enginem pro bezkonkuren\u010dn\u00ed v\u00fdkon i energetickou efektivitu.<\/li>\n<li>Sofistikovan\u00e1 fotosoustava \u2013 hlavn\u00ed 48MP kamera s optickou stabilizac\u00ed, 48MP ultra\u0161iroko\u00fahl\u00e1 a 12MP teleobjektiv s 5\u00d7 optick\u00fdm zoomem, podpo\u0159en\u00e1 LiDAR skenerem.<\/li>\n<li>Konektivita na maximum: 5G, Wi-Fi 7, Bluetooth 5.3, Ultra-Wideband, NFC a rychl\u00fd USB-C port (USB 3.2 Gen 2).<\/li>\n<li>T\u011blo z odoln\u00e9ho titanu, Ceramic Shield a certifikace IP68 zaji\u0161\u0165uj\u00ed vod\u011bodolnost, prachuvzdornost a pr\u00e9miovou v\u00fddr\u017e.<\/li>\n<\/ul>\n<\/section>\n<div data-wtai-block-id=\"wtai_product_description_image_1753694476277\" class=\"wtai-section wtai-image_1753694476277-section\">\n<figure class=\"wtai-image-p wtai-align-center\" style=\"text-align:center\"><img decoding=\"async\" src=\"https:\/\/demostore.ai\/wp-content\/uploads\/2025\/07\/iphone16p-01.png\" alt=\"Zadn\u00ed strana iPhonu 16 Pro v b\u00edl\u00e9 barv\u011b se t\u0159emi fotoapar\u00e1ty a LED bleskem.\" srcset=\"https:\/\/demostore.ai\/wp-content\/uploads\/2025\/07\/iphone16p-01.png 362w, https:\/\/demostore.ai\/wp-content\/uploads\/2025\/07\/iphone16p-01-146x300.png 146w\"><figcaption>\n<p>T\u0159i velk\u00e9 \u010do\u010dky fotoapar\u00e1tu vystupuj\u00ed z matn\u00e9ho t\u011bla s jemn\u00fdm metalick\u00fdm odst\u00ednem.<\/p>\n<\/figcaption><\/figure>\n<\/p><\/div>\n<section data-wtai-block-id=\"wtai_product_description_advantages\" class=\"wtai-section wtai-advantages-section\">\n<h2>Jedine\u010dn\u00e9 v\u00fdhody iPhone 16 Pro<\/h2>\n<p><em>Nadstandardn\u00ed v\u00fdkon nov\u00e9ho \u010dipu A18 Pro zaji\u0161\u0165uje plynul\u00fd chod i n\u00e1ro\u010dn\u00fdch aplikac\u00ed a her, tak\u017ee telefon rychle reaguje v ka\u017ed\u00e9 situaci.<\/em><\/p>\n<p><em>Profesion\u00e1ln\u00ed fotosoustava umo\u017en\u00ed snadno po\u0159izovat ostr\u00e9 a detailn\u00ed sn\u00edmky i videa v r\u016fzn\u00fdch sv\u011bteln\u00fdch podm\u00ednk\u00e1ch bez slo\u017eit\u00e9ho nastavov\u00e1n\u00ed.<\/em><\/p>\n<p><em>Displej s vysokou obnovovac\u00ed frekvenc\u00ed nab\u00edz\u00ed dokonalou \u010ditelnost, rychl\u00e9 reakce na dotyk a vynikaj\u00edc\u00ed z\u00e1\u017eitky ze sledov\u00e1n\u00ed obsahu nebo hran\u00ed.<\/em><\/p>\n<p><em>Modern\u00ed konektivita stav\u00ed na budoucnosti, d\u00edky n\u00ed\u017e z\u016fstanete v\u017edy p\u0159ipojeni k internetu a snadno propoj\u00edte za\u0159\u00edzen\u00ed nap\u0159\u00ed\u010d ekosyst\u00e9mem.<\/em><\/p>\n<p><em>Pr\u00e9miov\u00e9 materi\u00e1ly a zv\u00fd\u0161en\u00e1 odolnost v\u00fdrazn\u011b prodlu\u017euj\u00ed \u017eivotnost i zabezpe\u010den\u00ed telefonu p\u0159i ka\u017edodenn\u00edm pou\u017e\u00edv\u00e1n\u00ed.<\/em><\/p>\n<\/section>\n<section data-wtai-block-id=\"wtai_product_description_benefits\" class=\"wtai-section wtai-benefits-section\">\n<h3>Co p\u0159in\u00e1\u0161\u00ed pou\u017e\u00edv\u00e1n\u00ed iPhonu 16 Pro<\/h3>\n<ul>\n<li>Prom\u011b\u0148uje b\u011b\u017en\u00e9 focen\u00ed ve skute\u010dn\u011b kreativn\u00ed z\u00e1\u017eitek, \u0159e\u0161\u00ed rozmazan\u00e9 sn\u00edmky a bled\u00e9 barvy automaticky pokro\u010dilou optikou a AI.<\/li>\n<li>Zrychluje ka\u017edodenn\u00ed pr\u00e1ci i z\u00e1bavu, tak\u017ee u\u017e nikdy ne\u010dek\u00e1te na na\u010d\u00edt\u00e1n\u00ed \u010di spu\u0161t\u011bn\u00ed aplikac\u00ed.<\/li>\n<li>Minimalizuje starosti s po\u0161kozen\u00edm d\u00edky konstrukci z titanu a sklu Ceramic Shield, kter\u00e9 chr\u00e1n\u00ed p\u0159i p\u00e1dech a v n\u00e1ro\u010dn\u00e9m prost\u0159ed\u00ed.<\/li>\n<li>Umo\u017e\u0148uje b\u00fdt st\u00e1le online i v odlehl\u00fdch m\u00edstech d\u00edky kombinaci 5G, Wi-Fi 7 a satelitn\u00ed nouzov\u00e9 komunikace.<\/li>\n<\/ul>\n<\/section>\n<section data-wtai-block-id=\"wtai_product_description_use_cases\" class=\"wtai-section wtai-use_cases-section\">\n<h3>Typick\u00e9 sc\u00e9n\u00e1\u0159e pou\u017eit\u00ed<\/h3>\n<ol>\n<li>Profesion\u00e1ln\u00ed fotografov\u00e1n\u00ed i nat\u00e1\u010den\u00ed videa pro osobn\u00ed projekty, soci\u00e1ln\u00ed s\u00edt\u011b nebo firemn\u00ed prezentace.<\/li>\n<li>Hran\u00ed her s n\u00e1ro\u010dnou grafikou bez zpomalen\u00ed a se \u0161pi\u010dkovou plynulost\u00ed obrazu.<\/li>\n<li>Rychl\u00e9 zpracov\u00e1n\u00ed pracovn\u00edch \u00fakol\u016f, online sch\u016fzky i vzd\u00e1lenou spolupr\u00e1ci d\u00edky vysok\u00e9mu v\u00fdkonu a nadstandardn\u00ed konektivit\u011b.<\/li>\n<li>Bezpe\u010dn\u00e1 a plynul\u00e1 platba p\u0159es NFC a Apple Pay v obchodech, restaurac\u00edch \u010di online.<\/li>\n<li>Nouzov\u00e9 situace v ter\u00e9nu, kdy pot\u0159ebujete rychle kontaktovat pomoc i bez dostupn\u00e9 s\u00edt\u011b d\u00edky satelitn\u00edmu SOS.<\/li>\n<\/ol>\n<\/section>\n<div data-wtai-block-id=\"wtai_product_description_image_1\" class=\"wtai-section wtai-image_1-section\">\n<figure class=\"wtai-image-p wtai-align-center\" style=\"text-align:center\"><img decoding=\"async\" src=\"https:\/\/demostore.ai\/wp-content\/uploads\/2025\/07\/iphone16p-01.webp\" alt=\"iPhone 16 Pro s elegantn\u00edm designem a nejnov\u011bj\u0161\u00edm displejem, produktov\u00e1 str\u00e1nka \u0131phone 16 pro\" srcset=\"https:\/\/demostore.ai\/wp-content\/uploads\/2025\/07\/iphone16p-01.webp 346w, https:\/\/demostore.ai\/wp-content\/uploads\/2025\/07\/iphone16p-01-143x300.webp 143w\"><\/figure>\n<\/p><\/div>\n<section data-wtai-block-id=\"wtai_product_description_technical_specifications\" class=\"wtai-section wtai-technical_specifications-section\">\n<h2>Technick\u00e9 specifikace<\/h2>\n<ul>\n<li><strong>Displej:<\/strong> 6,3&quot; Super Retina XDR OLED<\/li>\n<li><strong>Rozli\u0161en\u00ed displeje:<\/strong> 2622 \u00d7 1206 px<\/li>\n<li><strong>Obnovovac\u00ed frekvence:<\/strong> 120 Hz<\/li>\n<li><strong>Maxim\u00e1ln\u00ed jas:<\/strong> 2000 nit\u016f<\/li>\n<li><strong>Procesor:<\/strong> Apple A18 Pro<\/li>\n<li><strong>Po\u010det jader CPU:<\/strong> 6<\/li>\n<li><strong>Po\u010det jader GPU:<\/strong> 6<\/li>\n<li><strong>Neural Engine:<\/strong> 16 jader<\/li>\n<li><strong>Hlavn\u00ed kamera:<\/strong> 48 MP s OIS<\/li>\n<li><strong>Ultra\u0161irok\u00e1 kamera:<\/strong> 48 MP<\/li>\n<li><strong>Teleobjektiv:<\/strong> 12 MP, 5\u00d7 optick\u00fd zoom<\/li>\n<li><strong>P\u0159edn\u00ed kamera:<\/strong> 12 MP<\/li>\n<li><strong>Bezdr\u00e1tov\u00e1 konektivita:<\/strong> 5G, Wi-Fi 7, Bluetooth 5.3, Ultra-Wideband, NFC<\/li>\n<li><strong>Port:<\/strong> USB-C (USB 3.2 Gen 2)<\/li>\n<li><strong>Odolnost:<\/strong> IP68, titanov\u00e9 t\u011blo, Ceramic Shield<\/li>\n<\/ul>\n<\/section>\n<div data-wtai-block-id=\"wtai_product_description_image_1753694484745\" class=\"wtai-section wtai-image_1753694484745-section\">\n<figure class=\"wtai-image-p wtai-align-center\" style=\"text-align:center\"><img decoding=\"async\" src=\"https:\/\/demostore.ai\/wp-content\/uploads\/2025\/07\/iphone16p-02-600x365.png\" alt=\"Detailn\u00ed pohled na spodn\u00ed \u010d\u00e1st iPhonu 16 Pro v barv\u011b titan s viditeln\u00fdm USB-C portem a reproduktory.\" srcset=\"https:\/\/demostore.ai\/wp-content\/uploads\/2025\/07\/iphone16p-02.png 1000w, https:\/\/demostore.ai\/wp-content\/uploads\/2025\/07\/iphone16p-02-300x183.png 300w, https:\/\/demostore.ai\/wp-content\/uploads\/2025\/07\/iphone16p-02-768x468.png 768w, https:\/\/demostore.ai\/wp-content\/uploads\/2025\/07\/iphone16p-02-600x365.png 600w\"><figcaption>\n<p>USB-C port je or\u00e1movan\u00fd precizn\u011b zpracovan\u00fdmi hranami a symetrick\u00fdmi m\u0159\u00ed\u017ekami reproduktor\u016f.<\/p>\n<\/figcaption><\/figure>\n<\/p><\/div>\n<section data-wtai-block-id=\"wtai_product_description_faqs\" class=\"wtai-section wtai-faqs-section\">\n<h2>\u010casto kladen\u00e9 dotazy<\/h2>\n<p><strong>Podporuje iPhone 16 Pro nab\u00edjen\u00ed p\u0159es MagSafe?<\/strong> <br \/> Ano, iPhone 16 Pro podporuje bezdr\u00e1tov\u00e9 nab\u00edjen\u00ed MagSafe, a to v\u010detn\u011b rychl\u00e9ho nab\u00edjen\u00ed.<\/p>\n<p><strong>Lze s iPhonem 16 Pro po\u0159izovat i makrofotografie?<\/strong> <br \/> Ano, s nov\u00fdm ultra\u0161iroko\u00fahl\u00fdm objektivem a pokro\u010dil\u00fdmi re\u017eimy m\u016f\u017eete snadno fotit detailn\u00ed makrosn\u00edmky.<\/p>\n<p><strong>Jak dlouho vydr\u017e\u00ed baterie p\u0159i b\u011b\u017en\u00e9m pou\u017e\u00edv\u00e1n\u00ed?<\/strong> <br \/> V\u00fddr\u017e baterie z\u00e1vis\u00ed na stylu pou\u017e\u00edv\u00e1n\u00ed, ale oproti p\u0159edchoz\u00ed generaci je del\u0161\u00ed a b\u011b\u017en\u011b zvl\u00e1dne cel\u00fd den.<\/p>\n<p><strong>Jak\u00e1 je maxim\u00e1ln\u00ed rychlost datov\u00e9ho p\u0159ipojen\u00ed p\u0159es USB-C?<\/strong> <br \/> D\u00edky portu USB 3.2 Gen 2 m\u016f\u017eete dos\u00e1hnout rychlosti a\u017e 10 Gb\/s p\u0159i p\u0159enosu dat.<\/p>\n<p><strong>Je mo\u017en\u00e9 pou\u017e\u00edvat iPhone 16 Pro v de\u0161ti nebo u vody?<\/strong> <br \/> D\u00edky certifikaci IP68 je za\u0159\u00edzen\u00ed vod\u011bodoln\u00e9 p\u0159i pono\u0159en\u00ed do 6 m po dobu 30 minut a odol\u00e1 i de\u0161ti \u010di st\u0159\u00edkaj\u00edc\u00ed vod\u011b.<\/p>\n<\/section>\n<div data-wtai-block-id=\"wtai_product_description_conclusion\" class=\"wtai-section wtai-conclusion-section\">\n<p><strong>iPhone 16 Pro p\u0159in\u00e1\u0161\u00ed inovace, kter\u00e9 usnadn\u00ed ka\u017edodenn\u00ed \u017eivot, a nav\u00edc z\u016fst\u00e1v\u00e1 krok p\u0159ed konkurenc\u00ed. Kombinuje \u0161pi\u010dkov\u00fd v\u00fdkon, prvot\u0159\u00eddn\u00ed zpracov\u00e1n\u00ed a modern\u00ed technologie.<\/strong> <strong>S t\u00edmto telefonem z\u00edsk\u00e1v\u00e1te pohodl\u00ed i jistotu do budoucna. Ne\u010dekejte a prozkoumejte svou dal\u0161\u00ed obl\u00edbenou inovaci u\u017e dnes.<\/strong><\/p>\n<\/p><\/div>\n","protected":false},"excerpt":{"rendered":"<div data-wtai-block-id=\"wtai_excerpt_subtitle\" class=\"wtai-section wtai-subtitle-section\">\n<p><em><strong>\u0160pi\u010dkov\u00fd v\u00fdkon a fotoapar\u00e1t nov\u00e9 generace v elegantn\u00edm t\u011ble<\/strong><\/em><\/p>\n<\/p><\/div>\n<div data-wtai-block-id=\"wtai_excerpt_introduction\" class=\"wtai-section wtai-introduction-section\">\n<p>Tohle je za\u0159\u00edzen\u00ed, kter\u00e9 posouv\u00e1 hranice v\u0161edn\u00edch dn\u00ed. Nov\u00fd model p\u0159in\u00e1\u0161\u00ed vysok\u00fd v\u00fdkon, skv\u011bl\u00fd fotoapar\u00e1t a promy\u0161len\u00fd design, kter\u00fd ocen\u00ed jak technologi\u010dt\u00ed nad\u0161enci, tak profesion\u00e1lov\u00e9 v pohybu. A\u0165 u\u017e pot\u0159ebujete b\u00fdt st\u00e1le v kontaktu, vy\u0159izovat pracovn\u00ed agendu nebo tvo\u0159it obsah na profi \u00farovni, tahle novinka si porad\u00ed se v\u0161\u00edm. Sta\u010d\u00ed jen uchopit, probudit displej a naplno vyu\u017e\u00edt v\u0161echny modern\u00ed funkce, kter\u00e9 zjednodu\u0161\u00ed komunikaci i z\u00e1bavu \u2014 a\u0165 jste kdekoli.<\/p>\n<\/p><\/div>\n","protected":false},"featured_media":40522,"comment_status":"open","ping_status":"closed","template":"","meta":[],"product_brand":[],"product_cat":[183],"product_tag":[],"class_list":{"0":"post-35856","1":"product","2":"type-product","3":"status-publish","4":"has-post-thumbnail","6":"product_cat-elektronika-cs","8":"first","9":"instock","10":"shipping-taxable","11":"purchasable","12":"product-type-simple"},"bundled_by":[],"bundle_stock_status":"instock","bundle_stock_quantity":null,"bundle_virtual":false,"bundle_layout":"","bundle_add_to_cart_form_location":"","bundle_editable_in_cart":false,"bundle_sold_individually_context":"","bundle_item_grouping":"","bundle_min_size":"","bundle_max_size":"","bundle_price":[],"bundled_items":[],"bundle_sell_ids":[],"yoast_head":"<!-- This site is optimized with the Yoast SEO plugin v25.2 - https:\/\/yoast.com\/wordpress\/plugins\/seo\/ -->\n<title>Objevte iPhone 16 Pro s v\u00fdkonn\u00fdm \u010dipem a dokonal\u00fdm displejem<\/title>\n<meta name=\"description\" content=\"Ne\u010dekan\u00e9 mo\u017enosti d\u00edky iPhonu 16 Pro. V\u00fdjime\u010dn\u00fd displej, nov\u00fd \u010dip A18 Pro, \u0161pi\u010dkov\u00e1 fotosoustava a pr\u00e9miov\u00e1 konstrukce z titanu v\u00e1s posunou d\u00e1l.\" \/>\n<meta name=\"robots\" content=\"index, follow, max-snippet:-1, max-image-preview:large, max-video-preview:-1\" \/>\n<link rel=\"canonical\" href=\"https:\/\/demostore.ai\/cs\/produkt\/iphone-16-pro\/\" \/>\n<meta property=\"og:type\" content=\"article\" \/>\n<meta property=\"og:title\" content=\"Objevte iPhone 16 Pro s v\u00fdkonn\u00fdm \u010dipem a dokonal\u00fdm displejem\" \/>\n<meta property=\"og:description\" content=\"Nezvykl\u00fd v\u00fdkon a design v rukou. iPhone 16 Pro s brilantn\u00edm OLED displejem, \u010dipem A18 Pro, v\u0161estrann\u00fdm fotoapar\u00e1tem a titanov\u00fdm t\u011blem m\u011bn\u00ed pravidla hry.\" \/>\n<meta property=\"og:url\" content=\"https:\/\/demostore.ai\/cs\/produkt\/iphone-16-pro\/\" \/>\n<meta property=\"og:site_name\" content=\"Trendy Thread\" \/>\n<meta property=\"article:modified_time\" content=\"2026-04-28T08:29:10+00:00\" \/>\n<meta property=\"og:image\" content=\"https:\/\/demostore.ai\/wp-content\/uploads\/2025\/07\/iphone16p-01.webp\" \/>\n\t<meta property=\"og:image:width\" content=\"346\" \/>\n\t<meta property=\"og:image:height\" content=\"725\" \/>\n\t<meta property=\"og:image:type\" content=\"image\/webp\" \/>\n<meta name=\"twitter:card\" content=\"summary_large_image\" \/>\n<meta name=\"twitter:title\" content=\"Objevte iPhone 16 Pro s v\u00fdkonn\u00fdm \u010dipem a dokonal\u00fdm displejem\" \/>\n<meta name=\"twitter:description\" content=\"Nezvykl\u00fd v\u00fdkon a design v rukou. iPhone 16 Pro s brilantn\u00edm OLED displejem, \u010dipem A18 Pro, v\u0161estrann\u00fdm fotoapar\u00e1tem a titanov\u00fdm t\u011blem m\u011bn\u00ed pravidla hry.\" \/>\n<meta name=\"twitter:label1\" content=\"Odhadovan\u00e1 doba \u010dten\u00ed\" \/>\n\t<meta name=\"twitter:data1\" content=\"4 minuta\" \/>\n<script type=\"application\/ld+json\" class=\"yoast-schema-graph\">{\"@context\":\"https:\/\/schema.org\",\"@graph\":[{\"@type\":\"WebPage\",\"@id\":\"https:\/\/demostore.ai\/cs\/produkt\/iphone-16-pro\/\",\"url\":\"https:\/\/demostore.ai\/cs\/produkt\/iphone-16-pro\/\",\"name\":\"Objevte iPhone 16 Pro s v\u00fdkonn\u00fdm \u010dipem a dokonal\u00fdm displejem\",\"isPartOf\":{\"@id\":\"https:\/\/demostore.ai\/cs\/#website\"},\"primaryImageOfPage\":{\"@id\":\"https:\/\/demostore.ai\/cs\/produkt\/iphone-16-pro\/#primaryimage\"},\"image\":{\"@id\":\"https:\/\/demostore.ai\/cs\/produkt\/iphone-16-pro\/#primaryimage\"},\"thumbnailUrl\":\"https:\/\/demostore.ai\/wp-content\/uploads\/2025\/07\/iphone16p-01.webp\",\"datePublished\":\"2025-07-28T05:23:32+00:00\",\"dateModified\":\"2026-04-28T08:29:10+00:00\",\"description\":\"Ne\u010dekan\u00e9 mo\u017enosti d\u00edky iPhonu 16 Pro. V\u00fdjime\u010dn\u00fd displej, nov\u00fd \u010dip A18 Pro, \u0161pi\u010dkov\u00e1 fotosoustava a pr\u00e9miov\u00e1 konstrukce z titanu v\u00e1s posunou d\u00e1l.\",\"breadcrumb\":{\"@id\":\"https:\/\/demostore.ai\/cs\/produkt\/iphone-16-pro\/#breadcrumb\"},\"inLanguage\":\"cs\",\"potentialAction\":[{\"@type\":\"ReadAction\",\"target\":[\"https:\/\/demostore.ai\/cs\/produkt\/iphone-16-pro\/\"]}]},{\"@type\":\"ImageObject\",\"inLanguage\":\"cs\",\"@id\":\"https:\/\/demostore.ai\/cs\/produkt\/iphone-16-pro\/#primaryimage\",\"url\":\"https:\/\/demostore.ai\/wp-content\/uploads\/2025\/07\/iphone16p-01.webp\",\"contentUrl\":\"https:\/\/demostore.ai\/wp-content\/uploads\/2025\/07\/iphone16p-01.webp\",\"width\":346,\"height\":725,\"caption\":\"iPhone 16 Pro s elegantn\u00edm designem a nejnov\u011bj\u0161\u00edm displejem, produktov\u00e1 str\u00e1nka \u0131phone 16 pro\"},{\"@type\":\"BreadcrumbList\",\"@id\":\"https:\/\/demostore.ai\/cs\/produkt\/iphone-16-pro\/#breadcrumb\",\"itemListElement\":[{\"@type\":\"ListItem\",\"position\":1,\"name\":\"Dom\u016f\",\"item\":\"https:\/\/demostore.ai\/cs\/\"},{\"@type\":\"ListItem\",\"position\":2,\"name\":\"Obchod\",\"item\":\"https:\/\/demostore.ai\/cs\/obchod\/\"},{\"@type\":\"ListItem\",\"position\":3,\"name\":\"iPhone 16 Pro\"}]},{\"@type\":\"WebSite\",\"@id\":\"https:\/\/demostore.ai\/cs\/#website\",\"url\":\"https:\/\/demostore.ai\/cs\/\",\"name\":\"Trendy Thread\",\"description\":\"Demo obchod WriteText.ai\",\"publisher\":{\"@id\":\"https:\/\/demostore.ai\/cs\/#organization\"},\"potentialAction\":[{\"@type\":\"SearchAction\",\"target\":{\"@type\":\"EntryPoint\",\"urlTemplate\":\"https:\/\/demostore.ai\/cs\/?s={search_term_string}\"},\"query-input\":{\"@type\":\"PropertyValueSpecification\",\"valueRequired\":true,\"valueName\":\"search_term_string\"}}],\"inLanguage\":\"cs\"},{\"@type\":\"Organization\",\"@id\":\"https:\/\/demostore.ai\/cs\/#organization\",\"name\":\"WriteText.ai\",\"url\":\"https:\/\/demostore.ai\/cs\/\",\"logo\":{\"@type\":\"ImageObject\",\"inLanguage\":\"cs\",\"@id\":\"https:\/\/demostore.ai\/cs\/#\/schema\/logo\/image\/\",\"url\":\"https:\/\/demostore.ai\/wp-content\/uploads\/2025\/10\/writetext_logo.webp\",\"contentUrl\":\"https:\/\/demostore.ai\/wp-content\/uploads\/2025\/10\/writetext_logo.webp\",\"width\":200,\"height\":34,\"caption\":\"WriteText.ai\"},\"image\":{\"@id\":\"https:\/\/demostore.ai\/cs\/#\/schema\/logo\/image\/\"}}]}<\/script>\n<!-- \/ Yoast SEO plugin. -->","yoast_head_json":{"title":"Objevte iPhone 16 Pro s v\u00fdkonn\u00fdm \u010dipem a dokonal\u00fdm displejem","description":"Ne\u010dekan\u00e9 mo\u017enosti d\u00edky iPhonu 16 Pro. V\u00fdjime\u010dn\u00fd displej, nov\u00fd \u010dip A18 Pro, \u0161pi\u010dkov\u00e1 fotosoustava a pr\u00e9miov\u00e1 konstrukce z titanu v\u00e1s posunou d\u00e1l.","robots":{"index":"index","follow":"follow","max-snippet":"max-snippet:-1","max-image-preview":"max-image-preview:large","max-video-preview":"max-video-preview:-1"},"canonical":"https:\/\/demostore.ai\/cs\/produkt\/iphone-16-pro\/","og_type":"article","og_title":"Objevte iPhone 16 Pro s v\u00fdkonn\u00fdm \u010dipem a dokonal\u00fdm displejem","og_description":"Nezvykl\u00fd v\u00fdkon a design v rukou. iPhone 16 Pro s brilantn\u00edm OLED displejem, \u010dipem A18 Pro, v\u0161estrann\u00fdm fotoapar\u00e1tem a titanov\u00fdm t\u011blem m\u011bn\u00ed pravidla hry.","og_url":"https:\/\/demostore.ai\/cs\/produkt\/iphone-16-pro\/","og_site_name":"Trendy Thread","article_modified_time":"2026-04-28T08:29:10+00:00","og_image":[{"width":346,"height":725,"url":"https:\/\/demostore.ai\/wp-content\/uploads\/2025\/07\/iphone16p-01.webp","type":"image\/webp"}],"twitter_card":"summary_large_image","twitter_title":"Objevte iPhone 16 Pro s v\u00fdkonn\u00fdm \u010dipem a dokonal\u00fdm displejem","twitter_description":"Nezvykl\u00fd v\u00fdkon a design v rukou. iPhone 16 Pro s brilantn\u00edm OLED displejem, \u010dipem A18 Pro, v\u0161estrann\u00fdm fotoapar\u00e1tem a titanov\u00fdm t\u011blem m\u011bn\u00ed pravidla hry.","twitter_misc":{"Odhadovan\u00e1 doba \u010dten\u00ed":"4 minuta"},"schema":{"@context":"https:\/\/schema.org","@graph":[{"@type":"WebPage","@id":"https:\/\/demostore.ai\/cs\/produkt\/iphone-16-pro\/","url":"https:\/\/demostore.ai\/cs\/produkt\/iphone-16-pro\/","name":"Objevte iPhone 16 Pro s v\u00fdkonn\u00fdm \u010dipem a dokonal\u00fdm displejem","isPartOf":{"@id":"https:\/\/demostore.ai\/cs\/#website"},"primaryImageOfPage":{"@id":"https:\/\/demostore.ai\/cs\/produkt\/iphone-16-pro\/#primaryimage"},"image":{"@id":"https:\/\/demostore.ai\/cs\/produkt\/iphone-16-pro\/#primaryimage"},"thumbnailUrl":"https:\/\/demostore.ai\/wp-content\/uploads\/2025\/07\/iphone16p-01.webp","datePublished":"2025-07-28T05:23:32+00:00","dateModified":"2026-04-28T08:29:10+00:00","description":"Ne\u010dekan\u00e9 mo\u017enosti d\u00edky iPhonu 16 Pro. V\u00fdjime\u010dn\u00fd displej, nov\u00fd \u010dip A18 Pro, \u0161pi\u010dkov\u00e1 fotosoustava a pr\u00e9miov\u00e1 konstrukce z titanu v\u00e1s posunou d\u00e1l.","breadcrumb":{"@id":"https:\/\/demostore.ai\/cs\/produkt\/iphone-16-pro\/#breadcrumb"},"inLanguage":"cs","potentialAction":[{"@type":"ReadAction","target":["https:\/\/demostore.ai\/cs\/produkt\/iphone-16-pro\/"]}]},{"@type":"ImageObject","inLanguage":"cs","@id":"https:\/\/demostore.ai\/cs\/produkt\/iphone-16-pro\/#primaryimage","url":"https:\/\/demostore.ai\/wp-content\/uploads\/2025\/07\/iphone16p-01.webp","contentUrl":"https:\/\/demostore.ai\/wp-content\/uploads\/2025\/07\/iphone16p-01.webp","width":346,"height":725,"caption":"iPhone 16 Pro s elegantn\u00edm designem a nejnov\u011bj\u0161\u00edm displejem, produktov\u00e1 str\u00e1nka \u0131phone 16 pro"},{"@type":"BreadcrumbList","@id":"https:\/\/demostore.ai\/cs\/produkt\/iphone-16-pro\/#breadcrumb","itemListElement":[{"@type":"ListItem","position":1,"name":"Dom\u016f","item":"https:\/\/demostore.ai\/cs\/"},{"@type":"ListItem","position":2,"name":"Obchod","item":"https:\/\/demostore.ai\/cs\/obchod\/"},{"@type":"ListItem","position":3,"name":"iPhone 16 Pro"}]},{"@type":"WebSite","@id":"https:\/\/demostore.ai\/cs\/#website","url":"https:\/\/demostore.ai\/cs\/","name":"Trendy Thread","description":"Demo obchod WriteText.ai","publisher":{"@id":"https:\/\/demostore.ai\/cs\/#organization"},"potentialAction":[{"@type":"SearchAction","target":{"@type":"EntryPoint","urlTemplate":"https:\/\/demostore.ai\/cs\/?s={search_term_string}"},"query-input":{"@type":"PropertyValueSpecification","valueRequired":true,"valueName":"search_term_string"}}],"inLanguage":"cs"},{"@type":"Organization","@id":"https:\/\/demostore.ai\/cs\/#organization","name":"WriteText.ai","url":"https:\/\/demostore.ai\/cs\/","logo":{"@type":"ImageObject","inLanguage":"cs","@id":"https:\/\/demostore.ai\/cs\/#\/schema\/logo\/image\/","url":"https:\/\/demostore.ai\/wp-content\/uploads\/2025\/10\/writetext_logo.webp","contentUrl":"https:\/\/demostore.ai\/wp-content\/uploads\/2025\/10\/writetext_logo.webp","width":200,"height":34,"caption":"WriteText.ai"},"image":{"@id":"https:\/\/demostore.ai\/cs\/#\/schema\/logo\/image\/"}}]}},"_links":{"self":[{"href":"https:\/\/demostore.ai\/cs\/wp-json\/wp\/v2\/product\/35856","targetHints":{"allow":["GET"]}}],"collection":[{"href":"https:\/\/demostore.ai\/cs\/wp-json\/wp\/v2\/product"}],"about":[{"href":"https:\/\/demostore.ai\/cs\/wp-json\/wp\/v2\/types\/product"}],"replies":[{"embeddable":true,"href":"https:\/\/demostore.ai\/cs\/wp-json\/wp\/v2\/comments?post=35856"}],"wp:featuredmedia":[{"embeddable":true,"href":"https:\/\/demostore.ai\/cs\/wp-json\/wp\/v2\/media\/40522"}],"wp:attachment":[{"href":"https:\/\/demostore.ai\/cs\/wp-json\/wp\/v2\/media?parent=35856"}],"wp:term":[{"taxonomy":"product_brand","embeddable":true,"href":"https:\/\/demostore.ai\/cs\/wp-json\/wp\/v2\/product_brand?post=35856"},{"taxonomy":"product_cat","embeddable":true,"href":"https:\/\/demostore.ai\/cs\/wp-json\/wp\/v2\/product_cat?post=35856"},{"taxonomy":"product_tag","embeddable":true,"href":"https:\/\/demostore.ai\/cs\/wp-json\/wp\/v2\/product_tag?post=35856"}],"curies":[{"name":"wp","href":"https:\/\/api.w.org\/{rel}","templated":true}]}}